{"id":40,"date":"2020-05-15T06:00:30","date_gmt":"2020-05-15T04:00:30","guid":{"rendered":"http:\/\/s468745373.online.de\/wordpress\/?page_id=40"},"modified":"2026-02-27T09:43:24","modified_gmt":"2026-02-27T07:43:24","slug":"forderverein","status":"publish","type":"page","link":"http:\/\/martinschule-ahlen.de\/?page_id=40","title":{"rendered":"F\u00f6rderverein"},"content":{"rendered":"<p><em>Liebe Eltern und Freunde,<\/em><\/p>\n<p><em>der Verein der Freunde und F\u00f6rderer der Martin-Grundschule e.V. besteht seit 1997. Aufgrund immer geringerer Mittel durch den Schultr\u00e4ger entschied man sich seinerzeit diesen Verein zu gr\u00fcnden.<\/em><\/p>\n<p><em>Durch die wachsenden Mitgliederzahlen und Spenden konnte in den vergangenen Jahren viel erreicht werden.<\/em><\/p>\n<p><em>Nur durch die Unterst\u00fctzung von Mitgliedern und weiteren Eltern kann der Verein dieses leisten.<\/em><\/p>\n<p><em>\u00a0<\/em><em>Sollten Sie sich auch f\u00fcr den F\u00f6rderverein interessieren, sprechen Sie uns an.<\/em><\/p>\n<p><strong><em>Ansprechpartner:<\/em><\/strong><\/p>\n<p>1. Vorsitzende: \u00a0 \u00a0Daniela Boschanski<\/p>\n<p>2. Vorsitzende: \u00a0 \u00a0Janina Ostendorf<\/p>\n<p>Kassiererin: \u00a0 \u00a0 \u00a0 \u00a0 Aline Koch<\/p>\n<p>Schriftf\u00fchrerin: \u00a0 \u00a0Anna Busskamp<\/p>\n<p>Beisitzerin: \u00a0 \u00a0 \u00a0 \u00a0\u00a0 Stefanie Fr\u00f6hling<\/p>\n<p>Beisitzerin: \u00a0 \u00a0 \u00a0 \u00a0 \u00a0Yvonne Schulze Beerhorst \u00a0<\/p>\n<p>Beisitzerin: \u00a0 \u00a0 \u00a0 \u00a0 \u00a0Sonja Mertensk\u00f6tter<\/p>\n<p>Beisitzerin: \u00a0 \u00a0 \u00a0 \u00a0 \u00a0Astrid Adloff<\/p>\n<p><em>Wahlen stehen jeweils im Fr\u00fchjahr an \u2013 die Wahlperiode betr\u00e4gt immer nur 1 Jahr!<\/em><\/p>\n<p><em>Wir freuen uns auf Ihre Mitarbeit &#8211; nur so k\u00f6nnen wir etwas bewegen!<\/em><\/p>\n<p><strong>Aktivit\u00e4ten<br \/><\/strong><\/p>\n<p>&#8211; Organisation des Zirkusprojekts (alle vier Jahre)<\/p>\n<p>&#8211; Bewirtung bei der Einschulung und beim Martinslauf<\/p>\n<p>&#8211; Durchf\u00fchrung und Bewirtung beim K\u00fcrbisfest\u00a0 incl. Aussaht und Ernte<\/p>\n<p>&#8211; Durchf\u00fchrung mehrerer Waffelbackaktionen<\/p>\n<p>&#8211; Ausgabe von Lifti-Eis f\u00fcr alle Sch\u00fcler bei den Bundesjugendspielen<\/p>\n<p>&#8211; Schul-T-Shirt-\/ Sweat-Shirt-Verkauf<\/p>\n<p>&#8211; finanzielle Unterst\u00fctzung der 3. Kraft f\u00fcr den Schwimmunterricht<\/p>\n<p>&#8211; Bezuschussung des Musicalbesuchs<\/p>\n<p>&#8211; Unterst\u00fctzung der Projekte: \u201eMein K\u00f6rper geh\u00f6rt mir\u201c; Trommelkurs f\u00fcr die 3.Klassen;<\/p>\n<p>-\u201eKlasse 2000\u201c; Schreibwerkstatt f\u00fcr die 4. Klassen<\/p>\n<p>&#8211; Unterst\u00fctzung beim Besuch der Waldb\u00fchne<\/p>\n<p>-Selbstbehauptungskurs\u00a0 \u201eStark auch ohne Muckis\u201c aller Sch\u00fcler<\/p>\n<p><span style=\"text-decoration: underline;\">Anschaffungen:<\/span><\/p>\n<p>&#8211; Stapelb\u00e4nke f\u00fcr die Klassen<\/p>\n<p>&#8211; Regale f\u00fcr die Klassen<\/p>\n<p>&#8211; Klassensatz Tische<\/p>\n<p>&#8211; Unterst\u00fctzung Kletterger\u00fcst Schulhof<\/p>\n<p>&#8211; Pausenspielzeug<\/p>\n<p>&#8211; Klassensatz Atlanten f\u00fcr den 4. Jahrgang<\/p>\n<p>&#8211; Bierzeltgarnituren<\/p>\n<p>&#8211; Schuhregale<\/p>\n<p>&#8211; gr\u00fcnes Klassenzimmer<\/p>\n<p><em><strong>Wie werde ich Mitglied?<\/strong><\/em><\/p>\n<p><em>Die Mitgliedschaft wird durch die Beitrittserkl\u00e4rung\u00a0<\/em><strong><em>und\u00a0<\/em><\/strong><em>die<\/em><strong><em>\u00a0j\u00e4hrliche\u00a0<\/em><\/strong><em>Zahlung des Jahresbeitrags von mindestens\u00a0<\/em><strong><em>15,00 \u20ac<\/em><\/strong><em>\u00a0erworben.\u00a0<\/em>Der Beitrag ist jeweils zum Jahresanfang f\u00e4llig und wird per Lastschrift eingezogen.<\/p>\n<p>Mitglieder haben bei der ein oder anderen Veranstaltung kleine Verg\u00fcnstigungen.<\/p>\n<p><em><strong>\u00a0Wie kann ich k\u00fcndigen?<\/strong><\/em><\/p>\n<p><em>Einfach ein kurzes formloses K\u00fcndigungsschreiben per Post oder Mail an die Schule oder den F\u00f6rderverein schicken.(FoerdervereinMartinschuleAhlen@gmx.de)<\/em><\/p>\n<p><em>\u00a0<strong>Wenn ich nicht Mitglied werden will?<\/strong><\/em><\/p>\n<p><em>In diesem Fall besteht die M\u00f6glichkeit einer Spende.<\/em><\/p>\n<p><em>Es kann eine Sach- und\/oder Geldspende sein.<\/em><\/p>\n<p><em>Ebenso wie die Mitgliedsbeitr\u00e4ge k\u00f6nnen auch die Spenden bei der Steuererkl\u00e4rung geltend gemacht werden, da der Verein als gemeinn\u00fctzig beim Finanzamt anerkannt ist.<\/em><\/p>\n<p><em>\u00a0<strong>Wohin kann ich einzahlen?<\/strong><\/em><\/p>\n<p><em><strong>Volksbank Ahlen<\/strong><\/em><\/p>\n<p><em>IBAN: DE02 4036 1906 7330 4363 00<\/em><\/p>\n<p><strong>Hier k\u00f6nnen Sie den Mitgliedsantrag ausf\u00fcllen und Ihrem Kind unterschrieben mit in die Schule geben.<\/strong><\/p>\n\n\n<div class=\"wp-block-file\"><a id=\"wp-block-file--media-2dec5ed6-bce3-4a94-a989-56d05f6343f4\" href=\"http:\/\/s468745373.online.de\/wordpress\/wp-content\/uploads\/2026\/02\/Mitgliedsantrag_2020-2-2-1.pdf\">Mitgliedsantrag_2020-2-2<\/a><a href=\"http:\/\/s468745373.online.de\/wordpress\/wp-content\/uploads\/2026\/02\/Mitgliedsantrag_2020-2-2-1.pdf\" class=\"wp-block-file__button wp-element-button\" download aria-describedby=\"wp-block-file--media-2dec5ed6-bce3-4a94-a989-56d05f6343f4\">Herunterladen<\/a><\/div>\n\n\n\n<p><\/p>\n","protected":false},"excerpt":{"rendered":"<p>Liebe Eltern und Freunde, der Verein der Freunde und F\u00f6rderer der Martin-Grundschule e.V. besteht seit 1997. Aufgrund immer geringerer Mittel durch den Schultr\u00e4ger entschied man sich seinerzeit diesen Verein zu gr\u00fcnden. Durch die wachsenden Mitgliederzahlen und Spenden konnte in den vergangenen Jahren viel erreicht werden. Nur durch die Unterst\u00fctzung von Mitgliedern und weiteren Eltern kann [&hellip;]<\/p>\n","protected":false},"author":1,"featured_media":0,"parent":0,"menu_order":0,"comment_status":"open","ping_status":"open","template":"","meta":{"footnotes":""},"class_list":["post-40","page","type-page","status-publish","hentry"],"jetpack_sharing_enabled":true,"_links":{"self":[{"href":"http:\/\/martinschule-ahlen.de\/index.php?rest_route=\/wp\/v2\/pages\/40","targetHints":{"allow":["GET"]}}],"collection":[{"href":"http:\/\/martinschule-ahlen.de\/index.php?rest_route=\/wp\/v2\/pages"}],"about":[{"href":"http:\/\/martinschule-ahlen.de\/index.php?rest_route=\/wp\/v2\/types\/page"}],"author":[{"embeddable":true,"href":"http:\/\/martinschule-ahlen.de\/index.php?rest_route=\/wp\/v2\/users\/1"}],"replies":[{"embeddable":true,"href":"http:\/\/martinschule-ahlen.de\/index.php?rest_route=%2Fwp%2Fv2%2Fcomments&post=40"}],"version-history":[{"count":32,"href":"http:\/\/martinschule-ahlen.de\/index.php?rest_route=\/wp\/v2\/pages\/40\/revisions"}],"predecessor-version":[{"id":3174,"href":"http:\/\/martinschule-ahlen.de\/index.php?rest_route=\/wp\/v2\/pages\/40\/revisions\/3174"}],"wp:attachment":[{"href":"http:\/\/martinschule-ahlen.de\/index.php?rest_route=%2Fwp%2Fv2%2Fmedia&parent=40"}],"curies":[{"name":"wp","href":"https:\/\/api.w.org\/{rel}","templated":true}]}}